{"id":3559,"date":"2026-05-01T20:10:20","date_gmt":"2026-05-01T19:10:20","guid":{"rendered":"https:\/\/www.f-sos.org\/?page_id=3559"},"modified":"2026-05-02T23:59:58","modified_gmt":"2026-05-02T22:59:58","slug":"cuidar-das-margens-e-do-campo","status":"publish","type":"page","link":"https:\/\/www.f-sos.org\/pt\/cuidar-das-margens-e-do-campo\/","title":{"rendered":"Cuidar das Margens e do Campo"},"content":{"rendered":"<div data-elementor-type=\"wp-page\" data-elementor-id=\"3559\" class=\"elementor elementor-3559\">\n\t\t\t\t<div class=\"elementor-element elementor-element-2e6b585 e-flex e-con-boxed e-con e-parent\" data-id=\"2e6b585\" data-element_type=\"container\" data-e-type=\"container\">\n\t\t\t\t\t<div class=\"e-con-inner\">\n\t\t\t\t<div class=\"elementor-element elementor-element-d86a1ea elementor-widget elementor-widget-heading\" data-id=\"d86a1ea\" data-element_type=\"widget\" data-e-type=\"widget\" data-widget_type=\"heading.default\">\n\t\t\t\t\t<h2 class=\"elementor-heading-title elementor-size-default\">Este projeto transforma a fotografia numa ferramenta de observa\u00e7\u00e3o ambiental a longo prazo e de mem\u00f3ria coletiva.<\/h2>\t\t\t\t<\/div>\n\t\t\t\t<div class=\"elementor-element elementor-element-94f2977 elementor-widget elementor-widget-text-editor\" data-id=\"94f2977\" data-element_type=\"widget\" data-e-type=\"widget\" data-widget_type=\"text-editor.default\">\n\t\t\t\t\t\t\t\t\t<p data-start=\"302\" data-end=\"490\"><strong>Cuidar das Margens e do Campo<\/strong> \u00c9 um projeto participativo de monitoriza\u00e7\u00e3o ambiental atrav\u00e9s das paisagens das Caldas da Rainha, ligando a comunidade, a cultura e a ci\u00eancia atrav\u00e9s da fotografia.<\/p><h4 data-start=\"492\" data-end=\"532\">A primeira rede Chronolog em Portugal.<\/h4><p>.<\/p>\t\t\t\t\t\t\t\t<\/div>\n\t\t\t\t\t<\/div>\n\t\t\t\t<\/div>\n\t\t<div class=\"elementor-element elementor-element-2f71ffc e-flex e-con-boxed e-con e-parent\" data-id=\"2f71ffc\" data-element_type=\"container\" data-e-type=\"container\">\n\t\t\t\t\t<div class=\"e-con-inner\">\n\t\t\t\t<div class=\"elementor-element elementor-element-5fcdaf1 elementor-widget elementor-widget-image\" data-id=\"5fcdaf1\" data-element_type=\"widget\" data-e-type=\"widget\" data-widget_type=\"image.default\">\n\t\t\t\t\t\t\t\t\t\t\t\t\t\t\t<img fetchpriority=\"high\" decoding=\"async\" width=\"1024\" height=\"669\" src=\"https:\/\/www.f-sos.org\/wp-content\/uploads\/2026\/05\/6c6124e3-0fa1-4a5b-b16e-8940b07f751d-1024x669.jpg\" class=\"attachment-large size-large wp-image-3564\" alt=\"\" srcset=\"https:\/\/www.f-sos.org\/wp-content\/uploads\/2026\/05\/6c6124e3-0fa1-4a5b-b16e-8940b07f751d-1024x669.jpg 1024w, https:\/\/www.f-sos.org\/wp-content\/uploads\/2026\/05\/6c6124e3-0fa1-4a5b-b16e-8940b07f751d-300x196.jpg 300w, https:\/\/www.f-sos.org\/wp-content\/uploads\/2026\/05\/6c6124e3-0fa1-4a5b-b16e-8940b07f751d-768x502.jpg 768w, https:\/\/www.f-sos.org\/wp-content\/uploads\/2026\/05\/6c6124e3-0fa1-4a5b-b16e-8940b07f751d-18x12.jpg 18w, https:\/\/www.f-sos.org\/wp-content\/uploads\/2026\/05\/6c6124e3-0fa1-4a5b-b16e-8940b07f751d.jpg 1496w\" sizes=\"(max-width: 1024px) 100vw, 1024px\" \/>\t\t\t\t\t\t\t\t\t\t\t\t\t\t\t<\/div>\n\t\t\t\t<div class=\"elementor-element elementor-element-9caa3cc elementor-widget elementor-widget-spacer\" data-id=\"9caa3cc\" data-element_type=\"widget\" data-e-type=\"widget\" data-widget_type=\"spacer.default\">\n\t\t\t\t\t\t\t<div class=\"elementor-spacer\">\n\t\t\t<div class=\"elementor-spacer-inner\"><\/div>\n\t\t<\/div>\n\t\t\t\t\t\t<\/div>\n\t\t\t\t<div class=\"elementor-element elementor-element-a11fac5 elementor-widget elementor-widget-text-editor\" data-id=\"a11fac5\" data-element_type=\"widget\" data-e-type=\"widget\" data-widget_type=\"text-editor.default\">\n\t\t\t\t\t\t\t\t\t<p data-start=\"658\" data-end=\"828\">As paisagens est\u00e3o em constante mudan\u00e7a, muitas vezes de maneiras dif\u00edceis de perceber no dia a dia. Este projeto convida o p\u00fablico a documentar ativamente essas altera\u00e7\u00f5es ao longo do tempo.<\/p>\t\t\t\t\t\t\t\t<\/div>\n\t\t\t\t\t<\/div>\n\t\t\t\t<\/div>\n\t\t<div class=\"elementor-element elementor-element-a6178fd e-flex e-con-boxed e-con e-parent\" data-id=\"a6178fd\" data-element_type=\"container\" data-e-type=\"container\">\n\t\t\t\t\t<div class=\"e-con-inner\">\n\t\t<div class=\"elementor-element elementor-element-8ba93b1 e-con-full e-flex e-con e-child\" data-id=\"8ba93b1\" data-element_type=\"container\" data-e-type=\"container\">\n\t\t\t\t<div class=\"elementor-element elementor-element-ecb141c elementor-widget elementor-widget-image\" data-id=\"ecb141c\" data-element_type=\"widget\" data-e-type=\"widget\" data-widget_type=\"image.default\">\n\t\t\t\t\t\t\t\t\t\t\t\t\t\t\t<img decoding=\"async\" width=\"1024\" height=\"576\" src=\"https:\/\/www.f-sos.org\/wp-content\/uploads\/2026\/05\/Slides-template-_-Chronolog-Google-Slides_Page_02-1024x576.jpg\" class=\"attachment-large size-large wp-image-3589\" alt=\"Modelo de slides Chronolog Google Slides P\u00e1gina 02\" srcset=\"https:\/\/www.f-sos.org\/wp-content\/uploads\/2026\/05\/Slides-template-_-Chronolog-Google-Slides_Page_02-1024x576.jpg 1024w, https:\/\/www.f-sos.org\/wp-content\/uploads\/2026\/05\/Slides-template-_-Chronolog-Google-Slides_Page_02-300x169.jpg 300w, https:\/\/www.f-sos.org\/wp-content\/uploads\/2026\/05\/Slides-template-_-Chronolog-Google-Slides_Page_02-768x432.jpg 768w, https:\/\/www.f-sos.org\/wp-content\/uploads\/2026\/05\/Slides-template-_-Chronolog-Google-Slides_Page_02-1536x865.jpg 1536w, https:\/\/www.f-sos.org\/wp-content\/uploads\/2026\/05\/Slides-template-_-Chronolog-Google-Slides_Page_02-2048x1153.jpg 2048w, https:\/\/www.f-sos.org\/wp-content\/uploads\/2026\/05\/Slides-template-_-Chronolog-Google-Slides_Page_02-18x10.jpg 18w\" sizes=\"(max-width: 1024px) 100vw, 1024px\" \/>\t\t\t\t\t\t\t\t\t\t\t\t\t\t\t<\/div>\n\t\t\t\t<\/div>\n\t\t<div class=\"elementor-element elementor-element-b3c3021 e-con-full e-flex e-con e-child\" data-id=\"b3c3021\" data-element_type=\"container\" data-e-type=\"container\">\n\t\t\t\t<div class=\"elementor-element elementor-element-a8cbdd5 elementor-widget elementor-widget-image\" data-id=\"a8cbdd5\" data-element_type=\"widget\" data-e-type=\"widget\" data-widget_type=\"image.default\">\n\t\t\t\t\t\t\t\t\t\t\t\t\t\t\t<img decoding=\"async\" width=\"1024\" height=\"576\" src=\"https:\/\/www.f-sos.org\/wp-content\/uploads\/2026\/05\/Slides-template-_-Chronolog-Google-Slides_Page_04-1024x576.jpg\" class=\"attachment-large size-large wp-image-3590\" alt=\"Modelo de slides Chronolog Google Slides P\u00e1gina 04\" srcset=\"https:\/\/www.f-sos.org\/wp-content\/uploads\/2026\/05\/Slides-template-_-Chronolog-Google-Slides_Page_04-1024x576.jpg 1024w, https:\/\/www.f-sos.org\/wp-content\/uploads\/2026\/05\/Slides-template-_-Chronolog-Google-Slides_Page_04-300x169.jpg 300w, https:\/\/www.f-sos.org\/wp-content\/uploads\/2026\/05\/Slides-template-_-Chronolog-Google-Slides_Page_04-768x432.jpg 768w, https:\/\/www.f-sos.org\/wp-content\/uploads\/2026\/05\/Slides-template-_-Chronolog-Google-Slides_Page_04-1536x865.jpg 1536w, https:\/\/www.f-sos.org\/wp-content\/uploads\/2026\/05\/Slides-template-_-Chronolog-Google-Slides_Page_04-2048x1153.jpg 2048w, https:\/\/www.f-sos.org\/wp-content\/uploads\/2026\/05\/Slides-template-_-Chronolog-Google-Slides_Page_04-18x10.jpg 18w\" sizes=\"(max-width: 1024px) 100vw, 1024px\" \/>\t\t\t\t\t\t\t\t\t\t\t\t\t\t\t<\/div>\n\t\t\t\t<\/div>\n\t\t\t\t\t<\/div>\n\t\t\t\t<\/div>\n\t\t<div class=\"elementor-element elementor-element-8db9cfb e-flex e-con-boxed e-con e-parent\" data-id=\"8db9cfb\" data-element_type=\"container\" data-e-type=\"container\">\n\t\t\t\t\t<div class=\"e-con-inner\">\n\t\t\t\t<div class=\"elementor-element elementor-element-bb39cec elementor-widget elementor-widget-text-editor\" data-id=\"bb39cec\" data-element_type=\"widget\" data-e-type=\"widget\" data-widget_type=\"text-editor.default\">\n\t\t\t\t\t\t\t\t\t<p data-start=\"830\" data-end=\"1011\">Atrav\u00e9s de uma rede de esta\u00e7\u00f5es fotogr\u00e1ficas, cada imagem contribui para uma linha do tempo visual partilhada, revelando como os ambientes evoluem ao longo das esta\u00e7\u00f5es, dos processos naturais e da intera\u00e7\u00e3o humana.<\/p><p data-start=\"383\" data-end=\"650\">\u00a0<\/p>\t\t\t\t\t\t\t\t<\/div>\n\t\t\t\t\t<\/div>\n\t\t\t\t<\/div>\n\t\t<div class=\"elementor-element elementor-element-9cc0859 e-flex e-con-boxed e-con e-parent\" data-id=\"9cc0859\" data-element_type=\"container\" data-e-type=\"container\">\n\t\t\t\t\t<div class=\"e-con-inner\">\n\t\t\t\t<div class=\"elementor-element elementor-element-0f10506 elementor-widget elementor-widget-heading\" data-id=\"0f10506\" data-element_type=\"widget\" data-e-type=\"widget\" data-widget_type=\"heading.default\">\n\t\t\t\t\t<h2 class=\"elementor-heading-title elementor-size-default\">A Cuidar das Margens e do Campo \u00e9 a primeira rede Chronolog em Portugal, uma iniciativa da F\/SOS que liga comunidade, cultura e observa\u00e7\u00e3o ambiental.<\/h2>\t\t\t\t<\/div>\n\t\t\t\t<div class=\"elementor-element elementor-element-8905fa0 elementor-widget elementor-widget-image\" data-id=\"8905fa0\" data-element_type=\"widget\" data-e-type=\"widget\" data-widget_type=\"image.default\">\n\t\t\t\t\t\t\t\t\t\t\t\t\t\t\t<img loading=\"lazy\" decoding=\"async\" width=\"1024\" height=\"576\" src=\"https:\/\/www.f-sos.org\/wp-content\/uploads\/2026\/05\/Slides-template-_-Chronolog-Google-Slides_Page_06-1024x576.jpg\" class=\"attachment-large size-large wp-image-3588\" alt=\"Modelo de slides Chronolog Google Slides P\u00e1gina 06\" srcset=\"https:\/\/www.f-sos.org\/wp-content\/uploads\/2026\/05\/Slides-template-_-Chronolog-Google-Slides_Page_06-1024x576.jpg 1024w, https:\/\/www.f-sos.org\/wp-content\/uploads\/2026\/05\/Slides-template-_-Chronolog-Google-Slides_Page_06-300x169.jpg 300w, https:\/\/www.f-sos.org\/wp-content\/uploads\/2026\/05\/Slides-template-_-Chronolog-Google-Slides_Page_06-768x432.jpg 768w, https:\/\/www.f-sos.org\/wp-content\/uploads\/2026\/05\/Slides-template-_-Chronolog-Google-Slides_Page_06-1536x864.jpg 1536w, https:\/\/www.f-sos.org\/wp-content\/uploads\/2026\/05\/Slides-template-_-Chronolog-Google-Slides_Page_06-2048x1153.jpg 2048w, https:\/\/www.f-sos.org\/wp-content\/uploads\/2026\/05\/Slides-template-_-Chronolog-Google-Slides_Page_06-18x10.jpg 18w\" sizes=\"(max-width: 1024px) 100vw, 1024px\" \/>\t\t\t\t\t\t\t\t\t\t\t\t\t\t\t<\/div>\n\t\t\t\t<div class=\"elementor-element elementor-element-c05ec63 elementor-widget elementor-widget-text-editor\" data-id=\"c05ec63\" data-element_type=\"widget\" data-e-type=\"widget\" data-widget_type=\"text-editor.default\">\n\t\t\t\t\t\t\t\t\t<p>O Chronolog \u00e9 um sistema de monitoriza\u00e7\u00e3o simples baseado em fotografias.<br data-start=\"1200\" data-end=\"1203\" \/>Em cada esta\u00e7\u00e3o, os visitantes tiram uma fotografia do mesmo ponto de vista.<br data-start=\"1275\" data-end=\"1278\" \/>Cada imagem \u00e9 adicionada a um timelapse crescente, revelando como a paisagem muda ao longo do tempo.A primeira rede Chronolog em Portugal..<\/p>\t\t\t\t\t\t\t\t<\/div>\n\t\t\t\t<div class=\"elementor-element elementor-element-4316bc9 elementor-widget elementor-widget-image\" data-id=\"4316bc9\" data-element_type=\"widget\" data-e-type=\"widget\" data-widget_type=\"image.default\">\n\t\t\t\t\t\t\t\t\t\t\t\t\t\t\t<img loading=\"lazy\" decoding=\"async\" width=\"562\" height=\"1024\" src=\"https:\/\/www.f-sos.org\/wp-content\/uploads\/2026\/05\/ChatGPT-Image-May-1-2026-10_02_18-PM-562x1024.png\" class=\"attachment-large size-large wp-image-3602\" alt=\"ChatGPT Imagem 1 de maio de 2026 10 02 18 PM\" srcset=\"https:\/\/www.f-sos.org\/wp-content\/uploads\/2026\/05\/ChatGPT-Image-May-1-2026-10_02_18-PM-562x1024.png 562w, https:\/\/www.f-sos.org\/wp-content\/uploads\/2026\/05\/ChatGPT-Image-May-1-2026-10_02_18-PM-165x300.png 165w, https:\/\/www.f-sos.org\/wp-content\/uploads\/2026\/05\/ChatGPT-Image-May-1-2026-10_02_18-PM-768x1400.png 768w, https:\/\/www.f-sos.org\/wp-content\/uploads\/2026\/05\/ChatGPT-Image-May-1-2026-10_02_18-PM-843x1536.png 843w, https:\/\/www.f-sos.org\/wp-content\/uploads\/2026\/05\/ChatGPT-Image-May-1-2026-10_02_18-PM-7x12.png 7w, https:\/\/www.f-sos.org\/wp-content\/uploads\/2026\/05\/ChatGPT-Image-May-1-2026-10_02_18-PM.png 929w\" sizes=\"(max-width: 562px) 100vw, 562px\" \/>\t\t\t\t\t\t\t\t\t\t\t\t\t\t\t<\/div>\n\t\t\t\t\t<\/div>\n\t\t\t\t<\/div>\n\t\t<div class=\"elementor-element elementor-element-16471a2 e-flex e-con-boxed e-con e-parent\" data-id=\"16471a2\" data-element_type=\"container\" data-e-type=\"container\">\n\t\t\t\t\t<div class=\"e-con-inner\">\n\t\t\t\t<div class=\"elementor-element elementor-element-fdfd55f elementor-widget elementor-widget-heading\" data-id=\"fdfd55f\" data-element_type=\"widget\" data-e-type=\"widget\" data-widget_type=\"heading.default\">\n\t\t\t\t\t<h2 class=\"elementor-heading-title elementor-size-default\">Fa\u00e7a parte do processo. Ajude a documentar como as paisagens mudam ao longo do tempo.<\/h2>\t\t\t\t<\/div>\n\t\t\t\t\t<\/div>\n\t\t\t\t<\/div>\n\t\t<div class=\"elementor-element elementor-element-6b0fd09 e-flex e-con-boxed e-con e-parent\" data-id=\"6b0fd09\" data-element_type=\"container\" data-e-type=\"container\">\n\t\t\t\t\t<div class=\"e-con-inner\">\n\t\t\t\t<div class=\"elementor-element elementor-element-0cf085e elementor-widget elementor-widget-text-editor\" data-id=\"0cf085e\" data-element_type=\"widget\" data-e-type=\"widget\" data-widget_type=\"text-editor.default\">\n\t\t\t\t\t\t\t\t\t<p data-start=\"1052\" data-end=\"1146\">Este projeto expande o sistema Chronolog num quadro cultural e ambiental mais amplo.<\/p><p data-start=\"1148\" data-end=\"1309\">Desenvolvido no contexto do F\/262 \u2013 Festival Internacional de Fotografia, liga a pr\u00e1tica art\u00edstica \u00e0 consci\u00eancia ecol\u00f3gica e \u00e0 participa\u00e7\u00e3o do p\u00fablico.<\/p><p data-start=\"1311\" data-end=\"1433\">Ao utilizar a fotografia como uma ferramenta partilhada, constr\u00f3i um arquivo vivo do lugar, moldado coletivamente por quem o encontra.<\/p>\t\t\t\t\t\t\t\t<\/div>\n\t\t\t\t\t<\/div>\n\t\t\t\t<\/div>\n\t\t<div class=\"elementor-element elementor-element-bb39e92 e-flex e-con-boxed e-con e-parent\" data-id=\"bb39e92\" data-element_type=\"container\" data-e-type=\"container\">\n\t\t\t\t\t<div class=\"e-con-inner\">\n\t\t\t\t<div class=\"elementor-element elementor-element-d032690 elementor-widget elementor-widget-image\" data-id=\"d032690\" data-element_type=\"widget\" data-e-type=\"widget\" data-widget_type=\"image.default\">\n\t\t\t\t\t\t\t\t\t\t\t\t\t\t\t<img loading=\"lazy\" decoding=\"async\" width=\"1024\" height=\"419\" src=\"https:\/\/www.f-sos.org\/wp-content\/uploads\/2026\/05\/unnamed-1024x419.png\" class=\"attachment-large size-large wp-image-3577\" alt=\"sem nome\" srcset=\"https:\/\/www.f-sos.org\/wp-content\/uploads\/2026\/05\/unnamed-1024x419.png 1024w, https:\/\/www.f-sos.org\/wp-content\/uploads\/2026\/05\/unnamed-300x123.png 300w, https:\/\/www.f-sos.org\/wp-content\/uploads\/2026\/05\/unnamed-768x314.png 768w, https:\/\/www.f-sos.org\/wp-content\/uploads\/2026\/05\/unnamed-1536x628.png 1536w, https:\/\/www.f-sos.org\/wp-content\/uploads\/2026\/05\/unnamed-18x7.png 18w, https:\/\/www.f-sos.org\/wp-content\/uploads\/2026\/05\/unnamed.png 2048w\" sizes=\"(max-width: 1024px) 100vw, 1024px\" \/>\t\t\t\t\t\t\t\t\t\t\t\t\t\t\t<\/div>\n\t\t\t\t\t<\/div>\n\t\t\t\t<\/div>\n\t\t<div class=\"elementor-element elementor-element-9fe9f6f e-flex e-con-boxed e-con e-parent\" data-id=\"9fe9f6f\" data-element_type=\"container\" data-e-type=\"container\">\n\t\t\t\t\t<div class=\"e-con-inner\">\n\t\t\t\t<div class=\"elementor-element elementor-element-e4402fe elementor-widget elementor-widget-heading\" data-id=\"e4402fe\" data-element_type=\"widget\" data-e-type=\"widget\" data-widget_type=\"heading.default\">\n\t\t\t\t\t<h2 class=\"elementor-heading-title elementor-size-default\">Por que este projeto \u00e9 importante<\/h2>\t\t\t\t<\/div>\n\t\t\t\t<div class=\"elementor-element elementor-element-9210c6d elementor-widget elementor-widget-text-editor\" data-id=\"9210c6d\" data-element_type=\"widget\" data-e-type=\"widget\" data-widget_type=\"text-editor.default\">\n\t\t\t\t\t\t\t\t\t<p><span class=\"c13\">Impacto cient\u00edfico:<\/span><span class=\"c6 c4\">\u00a0Fornece \u00e0s organiza\u00e7\u00f5es e aos investigadores dados visuais a longo prazo para acompanhar as altera\u00e7\u00f5es ambientais, tais como a restaura\u00e7\u00e3o do habitat, a eros\u00e3o, a recupera\u00e7\u00e3o de inc\u00eandios, as altera\u00e7\u00f5es sazonais, o crescimento de esp\u00e9cies invasoras e os efeitos das altera\u00e7\u00f5es clim\u00e1ticas.<\/span><\/p><ul><li data-section-id=\"odzf3l\" data-start=\"1904\" data-end=\"1950\">Compreender como as paisagens mudam ao longo do tempo<\/li><li data-section-id=\"dfkqm0\" data-start=\"1951\" data-end=\"2001\">Ligar as pessoas diretamente ao seu ambiente<\/li><li data-section-id=\"n3iscv\" data-start=\"2002\" data-end=\"2044\">Criar um registo visual partilhado do local<\/li><li data-section-id=\"14udjrm\" data-start=\"2045\" data-end=\"2094\">Apoiar a investiga\u00e7\u00e3o, a educa\u00e7\u00e3o e a conserva\u00e7\u00e3o<\/li><\/ul>\t\t\t\t\t\t\t\t<\/div>\n\t\t\t\t\t<\/div>\n\t\t\t\t<\/div>\n\t\t<div class=\"elementor-element elementor-element-ae011f4 e-flex e-con-boxed e-con e-parent\" data-id=\"ae011f4\" data-element_type=\"container\" data-e-type=\"container\">\n\t\t\t\t\t<div class=\"e-con-inner\">\n\t\t\t\t<div class=\"elementor-element elementor-element-44939e5 elementor-widget elementor-widget-image\" data-id=\"44939e5\" data-element_type=\"widget\" data-e-type=\"widget\" data-widget_type=\"image.default\">\n\t\t\t\t\t\t\t\t\t\t\t\t\t\t\t<img loading=\"lazy\" decoding=\"async\" width=\"1024\" height=\"576\" src=\"https:\/\/www.f-sos.org\/wp-content\/uploads\/2026\/05\/Slides-template-_-Chronolog-Google-Slides_Page_13-1024x576.jpg\" class=\"attachment-large size-large wp-image-3594\" alt=\"Modelo de slides Chronolog Google Slides P\u00e1gina 13\" srcset=\"https:\/\/www.f-sos.org\/wp-content\/uploads\/2026\/05\/Slides-template-_-Chronolog-Google-Slides_Page_13-1024x576.jpg 1024w, https:\/\/www.f-sos.org\/wp-content\/uploads\/2026\/05\/Slides-template-_-Chronolog-Google-Slides_Page_13-300x169.jpg 300w, https:\/\/www.f-sos.org\/wp-content\/uploads\/2026\/05\/Slides-template-_-Chronolog-Google-Slides_Page_13-768x432.jpg 768w, https:\/\/www.f-sos.org\/wp-content\/uploads\/2026\/05\/Slides-template-_-Chronolog-Google-Slides_Page_13-1536x864.jpg 1536w, https:\/\/www.f-sos.org\/wp-content\/uploads\/2026\/05\/Slides-template-_-Chronolog-Google-Slides_Page_13-18x10.jpg 18w, https:\/\/www.f-sos.org\/wp-content\/uploads\/2026\/05\/Slides-template-_-Chronolog-Google-Slides_Page_13.jpg 1990w\" sizes=\"(max-width: 1024px) 100vw, 1024px\" \/>\t\t\t\t\t\t\t\t\t\t\t\t\t\t\t<\/div>\n\t\t\t\t\t<\/div>\n\t\t\t\t<\/div>\n\t\t<div class=\"elementor-element elementor-element-b6dc728 e-flex e-con-boxed e-con e-parent\" data-id=\"b6dc728\" data-element_type=\"container\" data-e-type=\"container\">\n\t\t\t\t\t<div class=\"e-con-inner\">\n\t\t<div class=\"elementor-element elementor-element-9b5c8db e-con-full e-flex e-con e-child\" data-id=\"9b5c8db\" data-element_type=\"container\" data-e-type=\"container\">\n\t\t\t\t<div class=\"elementor-element elementor-element-d75b7ec elementor-widget elementor-widget-text-editor\" data-id=\"d75b7ec\" data-element_type=\"widget\" data-e-type=\"widget\" data-widget_type=\"text-editor.default\">\n\t\t\t\t\t\t\t\t\t<p data-start=\"1467\" data-end=\"1665\">\u2022 Observa\u00e7\u00e3o a longo prazo das altera\u00e7\u00f5es ambientais<br data-start=\"1514\" data-end=\"1517\" \/>\u2022 Envolvimento do p\u00fablico com os ecossistemas locais<br data-start=\"1558\" data-end=\"1561\" \/>\u2022 Sensibiliza\u00e7\u00e3o para as mudan\u00e7as sazonais e clim\u00e1ticas<br data-start=\"1604\" data-end=\"1607\" \/>\u2022 Uma compreens\u00e3o colectiva da transforma\u00e7\u00e3o paisag\u00edstica<\/p><p data-start=\"1667\" data-end=\"1738\">A participa\u00e7\u00e3o n\u00e3o requer conhecimentos especializados. Cada imagem acrescenta uma hist\u00f3ria maior.<\/p>\t\t\t\t\t\t\t\t<\/div>\n\t\t\t\t<\/div>\n\t\t<div class=\"elementor-element elementor-element-79f9073 e-con-full e-flex e-con e-child\" data-id=\"79f9073\" data-element_type=\"container\" data-e-type=\"container\">\n\t\t\t\t<div class=\"elementor-element elementor-element-d66fe2f elementor-widget elementor-widget-text-editor\" data-id=\"d66fe2f\" data-element_type=\"widget\" data-e-type=\"widget\" data-widget_type=\"text-editor.default\">\n\t\t\t\t\t\t\t\t\t<p data-start=\"1743\" data-end=\"1762\">Como participar:<\/p><p data-start=\"1764\" data-end=\"1907\">Coloque o telem\u00f3vel na esta\u00e7\u00e3o<br data-start=\"1795\" data-end=\"1798\" \/>Tirar uma fotografia da paisagem<br data-start=\"1832\" data-end=\"1835\" \/>Envie-o usando o c\u00f3digo do site<br data-start=\"1862\" data-end=\"1865\" \/>Receber um link para a evolu\u00e7\u00e3o do timelapse<\/p><p data-start=\"1909\" data-end=\"1962\">A sua imagem torna-se parte de um registo partilhado ao longo do tempo.<\/p>\t\t\t\t\t\t\t\t<\/div>\n\t\t\t\t<\/div>\n\t\t\t\t\t<\/div>\n\t\t\t\t<\/div>\n\t\t<div class=\"elementor-element elementor-element-edcff38 e-flex e-con-boxed e-con e-parent\" data-id=\"edcff38\" data-element_type=\"container\" data-e-type=\"container\">\n\t\t\t\t\t<div class=\"e-con-inner\">\n\t\t\t\t<div class=\"elementor-element elementor-element-e7520a6 elementor-widget elementor-widget-heading\" data-id=\"e7520a6\" data-element_type=\"widget\" data-e-type=\"widget\" data-widget_type=\"heading.default\">\n\t\t\t\t\t<h4 class=\"elementor-heading-title elementor-size-default\">Cuidar das Margens e do Campo<\/h4>\t\t\t\t<\/div>\n\t\t\t\t<div class=\"elementor-element elementor-element-20410af elementor-widget elementor-widget-text-editor\" data-id=\"20410af\" data-element_type=\"widget\" data-e-type=\"widget\" data-widget_type=\"text-editor.default\">\n\t\t\t\t\t\t\t\t\t<p data-start=\"566\" data-end=\"692\">\u00a0faz parte de uma iniciativa mais ampla da F\/SOS centrada na gest\u00e3o ambiental e na a\u00e7\u00e3o comunit\u00e1ria.<\/p><p data-start=\"694\" data-end=\"1020\">Atrav\u00e9s de Cuidar como Margens, organizamos regularmente ac\u00e7\u00f5es de limpeza ao longo da Lagoa de \u00d3bidos, incluindo a 6a edi\u00e7\u00e3o do Plogging Challenge Portugal. Estas iniciativas re\u00fanem volunt\u00e1rios, organiza\u00e7\u00f5es locais e institui\u00e7\u00f5es, mobilizando comunidades e removendo quantidades significativas de res\u00edduos de ecossistemas sens\u00edveis.<\/p><p data-start=\"1022\" data-end=\"1228\">Ao combinar a interven\u00e7\u00e3o direta com a monitoriza\u00e7\u00e3o visual a longo prazo, o projeto liga o impacto imediato \u00e0 sensibiliza\u00e7\u00e3o ambiental sustentada, refor\u00e7ando a rela\u00e7\u00e3o entre a comunidade e o territ\u00f3rio.<\/p><hr data-start=\"1230\" data-end=\"1233\" \/><h3 data-section-id=\"udix7k\" data-start=\"1235\" data-end=\"1279\">\u00a0<\/h3>\t\t\t\t\t\t\t\t<\/div>\n\t\t\t\t<div class=\"elementor-element elementor-element-f07d074 elementor-widget elementor-widget-image\" data-id=\"f07d074\" data-element_type=\"widget\" data-e-type=\"widget\" data-widget_type=\"image.default\">\n\t\t\t\t\t\t\t\t\t\t\t\t\t\t\t<img loading=\"lazy\" decoding=\"async\" width=\"1024\" height=\"768\" src=\"https:\/\/www.f-sos.org\/wp-content\/uploads\/2026\/04\/ccc-program-1024x768.png\" class=\"attachment-large size-large wp-image-3496\" alt=\"Programa ccc\" srcset=\"https:\/\/www.f-sos.org\/wp-content\/uploads\/2026\/04\/ccc-program-1024x768.png 1024w, https:\/\/www.f-sos.org\/wp-content\/uploads\/2026\/04\/ccc-program-300x225.png 300w, https:\/\/www.f-sos.org\/wp-content\/uploads\/2026\/04\/ccc-program-768x576.png 768w, https:\/\/www.f-sos.org\/wp-content\/uploads\/2026\/04\/ccc-program-1536x1152.png 1536w, https:\/\/www.f-sos.org\/wp-content\/uploads\/2026\/04\/ccc-program-16x12.png 16w, https:\/\/www.f-sos.org\/wp-content\/uploads\/2026\/04\/ccc-program.png 1678w\" sizes=\"(max-width: 1024px) 100vw, 1024px\" \/>\t\t\t\t\t\t\t\t\t\t\t\t\t\t\t<\/div>\n\t\t\t\t<div class=\"elementor-element elementor-element-4182d7c elementor-widget elementor-widget-heading\" data-id=\"4182d7c\" data-element_type=\"widget\" data-e-type=\"widget\" data-widget_type=\"heading.default\">\n\t\t\t\t\t<h5 class=\"elementor-heading-title elementor-size-default\">Mais de 550 kg de res\u00edduos s\u00e3o removidos atrav\u00e9s da a\u00e7\u00e3o da comunidade.<\/h5>\t\t\t\t<\/div>\n\t\t\t\t\t<\/div>\n\t\t\t\t<\/div>\n\t\t<div class=\"elementor-element elementor-element-f8677ec e-flex e-con-boxed e-con e-parent\" data-id=\"f8677ec\" data-element_type=\"container\" data-e-type=\"container\">\n\t\t\t\t\t<div class=\"e-con-inner\">\n\t\t\t\t<div class=\"elementor-element elementor-element-f0250c3 elementor-widget elementor-widget-heading\" data-id=\"f0250c3\" data-element_type=\"widget\" data-e-type=\"widget\" data-widget_type=\"heading.default\">\n\t\t\t\t\t<h5 class=\"elementor-heading-title elementor-size-default\">Locais: Cada local se concentra em um ecossistema diferente, de lagoas costeiras a zonas \u00famidas e paisagens urbanas.<\/h5>\t\t\t\t<\/div>\n\t\t\t\t\t<\/div>\n\t\t\t\t<\/div>\n\t\t<div class=\"elementor-element elementor-element-ae3702e e-flex e-con-boxed e-con e-parent\" data-id=\"ae3702e\" data-element_type=\"container\" data-e-type=\"container\">\n\t\t\t\t\t<div class=\"e-con-inner\">\n\t\t<div class=\"elementor-element elementor-element-77d78fd e-con-full e-flex e-con e-child\" data-id=\"77d78fd\" data-element_type=\"container\" data-e-type=\"container\">\n\t\t\t\t<div class=\"elementor-element elementor-element-4b50580 elementor-widget elementor-widget-heading\" data-id=\"4b50580\" data-element_type=\"widget\" data-e-type=\"widget\" data-widget_type=\"heading.default\">\n\t\t\t\t\t<h2 class=\"elementor-heading-title elementor-size-default\">SOS-201 \u2014 Nadadouro - Cais Palaf\u00edtico da Barrosa<\/h2>\t\t\t\t<\/div>\n\t\t\t\t<div class=\"elementor-element elementor-element-96e4138 elementor-widget elementor-widget-image\" data-id=\"96e4138\" data-element_type=\"widget\" data-e-type=\"widget\" data-widget_type=\"image.default\">\n\t\t\t\t\t\t\t\t\t\t\t\t\t\t\t<img loading=\"lazy\" decoding=\"async\" width=\"300\" height=\"225\" src=\"https:\/\/www.f-sos.org\/wp-content\/uploads\/2026\/05\/nadadouro_lagoa_obidos_2-300x225.webp\" class=\"attachment-medium size-medium wp-image-3579\" alt=\"nadadouro lagoa obidos 2\" srcset=\"https:\/\/www.f-sos.org\/wp-content\/uploads\/2026\/05\/nadadouro_lagoa_obidos_2-300x225.webp 300w, https:\/\/www.f-sos.org\/wp-content\/uploads\/2026\/05\/nadadouro_lagoa_obidos_2-1024x768.webp 1024w, https:\/\/www.f-sos.org\/wp-content\/uploads\/2026\/05\/nadadouro_lagoa_obidos_2-768x576.webp 768w, https:\/\/www.f-sos.org\/wp-content\/uploads\/2026\/05\/nadadouro_lagoa_obidos_2-1536x1152.webp 1536w, https:\/\/www.f-sos.org\/wp-content\/uploads\/2026\/05\/nadadouro_lagoa_obidos_2-16x12.webp 16w, https:\/\/www.f-sos.org\/wp-content\/uploads\/2026\/05\/nadadouro_lagoa_obidos_2.webp 2000w\" sizes=\"(max-width: 300px) 100vw, 300px\" \/>\t\t\t\t\t\t\t\t\t\t\t\t\t\t\t<\/div>\n\t\t\t\t<\/div>\n\t\t<div class=\"elementor-element elementor-element-1b8aab7 e-con-full e-flex e-con e-child\" data-id=\"1b8aab7\" data-element_type=\"container\" data-e-type=\"container\">\n\t\t\t\t<div class=\"elementor-element elementor-element-d01248f elementor-widget elementor-widget-heading\" data-id=\"d01248f\" data-element_type=\"widget\" data-e-type=\"widget\" data-widget_type=\"heading.default\">\n\t\t\t\t\t<h2 class=\"elementor-heading-title elementor-size-default\">SOS-202 \u2014 Foz do Arelho Lagoa de \u00d3bidos<\/h2>\t\t\t\t<\/div>\n\t\t\t\t<div class=\"elementor-element elementor-element-db901ad elementor-widget elementor-widget-spacer\" data-id=\"db901ad\" data-element_type=\"widget\" data-e-type=\"widget\" data-widget_type=\"spacer.default\">\n\t\t\t\t\t\t\t<div class=\"elementor-spacer\">\n\t\t\t<div class=\"elementor-spacer-inner\"><\/div>\n\t\t<\/div>\n\t\t\t\t\t\t<\/div>\n\t\t\t\t<div class=\"elementor-element elementor-element-894935a elementor-widget elementor-widget-image\" data-id=\"894935a\" data-element_type=\"widget\" data-e-type=\"widget\" data-widget_type=\"image.default\">\n\t\t\t\t\t\t\t\t\t\t\t\t\t\t\t<img loading=\"lazy\" decoding=\"async\" width=\"768\" height=\"432\" src=\"https:\/\/www.f-sos.org\/wp-content\/uploads\/2026\/05\/verao-lagoa-obidos-768x432.webp\" class=\"attachment-medium_large size-medium_large wp-image-3580\" alt=\"verao lagoa obidos\" srcset=\"https:\/\/www.f-sos.org\/wp-content\/uploads\/2026\/05\/verao-lagoa-obidos-768x432.webp 768w, https:\/\/www.f-sos.org\/wp-content\/uploads\/2026\/05\/verao-lagoa-obidos-300x169.webp 300w, https:\/\/www.f-sos.org\/wp-content\/uploads\/2026\/05\/verao-lagoa-obidos-1024x576.webp 1024w, https:\/\/www.f-sos.org\/wp-content\/uploads\/2026\/05\/verao-lagoa-obidos-1536x864.webp 1536w, https:\/\/www.f-sos.org\/wp-content\/uploads\/2026\/05\/verao-lagoa-obidos-18x10.webp 18w, https:\/\/www.f-sos.org\/wp-content\/uploads\/2026\/05\/verao-lagoa-obidos.webp 1920w\" sizes=\"(max-width: 768px) 100vw, 768px\" \/>\t\t\t\t\t\t\t\t\t\t\t\t\t\t\t<\/div>\n\t\t\t\t<\/div>\n\t\t<div class=\"elementor-element elementor-element-f801b66 e-con-full e-flex e-con e-child\" data-id=\"f801b66\" data-element_type=\"container\" data-e-type=\"container\">\n\t\t\t\t<div class=\"elementor-element elementor-element-9936efe elementor-widget elementor-widget-heading\" data-id=\"9936efe\" data-element_type=\"widget\" data-e-type=\"widget\" data-widget_type=\"heading.default\">\n\t\t\t\t\t<h2 class=\"elementor-heading-title elementor-size-default\">SOS-203 \u2014 Salir do Porto-Duna de Salir do Porto<\/h2>\t\t\t\t<\/div>\n\t\t\t\t<div class=\"elementor-element elementor-element-5b725c4 elementor-widget elementor-widget-spacer\" data-id=\"5b725c4\" data-element_type=\"widget\" data-e-type=\"widget\" data-widget_type=\"spacer.default\">\n\t\t\t\t\t\t\t<div class=\"elementor-spacer\">\n\t\t\t<div class=\"elementor-spacer-inner\"><\/div>\n\t\t<\/div>\n\t\t\t\t\t\t<\/div>\n\t\t\t\t<div class=\"elementor-element elementor-element-00e1516 elementor-widget elementor-widget-image\" data-id=\"00e1516\" data-element_type=\"widget\" data-e-type=\"widget\" data-widget_type=\"image.default\">\n\t\t\t\t\t\t\t\t\t\t\t\t\t\t\t<img loading=\"lazy\" decoding=\"async\" width=\"1024\" height=\"683\" src=\"https:\/\/www.f-sos.org\/wp-content\/uploads\/2026\/05\/salir-maior-duna-de-portugal-shutterstock-1024x683-1.jpg\" class=\"attachment-large size-large wp-image-3581\" alt=\"salir maior duna de portugal shutterstock 1024x683\" srcset=\"https:\/\/www.f-sos.org\/wp-content\/uploads\/2026\/05\/salir-maior-duna-de-portugal-shutterstock-1024x683-1.jpg 1024w, https:\/\/www.f-sos.org\/wp-content\/uploads\/2026\/05\/salir-maior-duna-de-portugal-shutterstock-1024x683-1-300x200.jpg 300w, https:\/\/www.f-sos.org\/wp-content\/uploads\/2026\/05\/salir-maior-duna-de-portugal-shutterstock-1024x683-1-768x512.jpg 768w, https:\/\/www.f-sos.org\/wp-content\/uploads\/2026\/05\/salir-maior-duna-de-portugal-shutterstock-1024x683-1-18x12.jpg 18w\" sizes=\"(max-width: 1024px) 100vw, 1024px\" \/>\t\t\t\t\t\t\t\t\t\t\t\t\t\t\t<\/div>\n\t\t\t\t<\/div>\n\t\t<div class=\"elementor-element elementor-element-4093d0d e-con-full e-flex e-con e-child\" data-id=\"4093d0d\" data-element_type=\"container\" data-e-type=\"container\">\n\t\t\t\t<div class=\"elementor-element elementor-element-b188617 elementor-widget elementor-widget-heading\" data-id=\"b188617\" data-element_type=\"widget\" data-e-type=\"widget\" data-widget_type=\"heading.default\">\n\t\t\t\t\t<h2 class=\"elementor-heading-title elementor-size-default\">SOS-204 \u2014 Paul de Tornada<\/h2>\t\t\t\t<\/div>\n\t\t\t\t<div class=\"elementor-element elementor-element-26af103 elementor-widget elementor-widget-image\" data-id=\"26af103\" data-element_type=\"widget\" data-e-type=\"widget\" data-widget_type=\"image.default\">\n\t\t\t\t\t\t\t\t\t\t\t\t\t\t\t<img loading=\"lazy\" decoding=\"async\" width=\"670\" height=\"351\" src=\"https:\/\/www.f-sos.org\/wp-content\/uploads\/2026\/05\/foto-do-icnf_orig.jpg\" class=\"attachment-large size-large wp-image-3582\" alt=\"foto do icnf orig\" srcset=\"https:\/\/www.f-sos.org\/wp-content\/uploads\/2026\/05\/foto-do-icnf_orig.jpg 670w, https:\/\/www.f-sos.org\/wp-content\/uploads\/2026\/05\/foto-do-icnf_orig-300x157.jpg 300w, https:\/\/www.f-sos.org\/wp-content\/uploads\/2026\/05\/foto-do-icnf_orig-18x9.jpg 18w\" sizes=\"(max-width: 670px) 100vw, 670px\" \/>\t\t\t\t\t\t\t\t\t\t\t\t\t\t\t<\/div>\n\t\t\t\t<\/div>\n\t\t<div class=\"elementor-element elementor-element-a5deb54 e-con-full e-flex e-con e-child\" data-id=\"a5deb54\" data-element_type=\"container\" data-e-type=\"container\">\n\t\t\t\t<div class=\"elementor-element elementor-element-bfddd76 elementor-widget elementor-widget-heading\" data-id=\"bfddd76\" data-element_type=\"widget\" data-e-type=\"widget\" data-widget_type=\"heading.default\">\n\t\t\t\t\t<h2 class=\"elementor-heading-title elementor-size-default\">SOS-205 Parque D. Carlos I<\/h2>\t\t\t\t<\/div>\n\t\t\t\t<div class=\"elementor-element elementor-element-6616cd8 elementor-widget elementor-widget-image\" data-id=\"6616cd8\" data-element_type=\"widget\" data-e-type=\"widget\" data-widget_type=\"image.default\">\n\t\t\t\t\t\t\t\t\t\t\t\t\t\t\t<img loading=\"lazy\" decoding=\"async\" width=\"1000\" height=\"562\" src=\"https:\/\/www.f-sos.org\/wp-content\/uploads\/2026\/05\/Parque-D.-Carlos-I.jpg\" class=\"attachment-large size-large wp-image-3583\" alt=\"Parque D Carlos I\" srcset=\"https:\/\/www.f-sos.org\/wp-content\/uploads\/2026\/05\/Parque-D.-Carlos-I.jpg 1000w, https:\/\/www.f-sos.org\/wp-content\/uploads\/2026\/05\/Parque-D.-Carlos-I-300x169.jpg 300w, https:\/\/www.f-sos.org\/wp-content\/uploads\/2026\/05\/Parque-D.-Carlos-I-768x432.jpg 768w, https:\/\/www.f-sos.org\/wp-content\/uploads\/2026\/05\/Parque-D.-Carlos-I-18x10.jpg 18w\" sizes=\"(max-width: 1000px) 100vw, 1000px\" \/>\t\t\t\t\t\t\t\t\t\t\t\t\t\t\t<\/div>\n\t\t\t\t<\/div>\n\t\t\t\t\t<\/div>\n\t\t\t\t<\/div>\n\t\t<div class=\"elementor-element elementor-element-829e475 e-flex e-con-boxed e-con e-parent\" data-id=\"829e475\" data-element_type=\"container\" data-e-type=\"container\">\n\t\t\t\t\t<div class=\"e-con-inner\">\n\t\t\t\t<div class=\"elementor-element elementor-element-71471ea elementor-widget elementor-widget-text-editor\" data-id=\"71471ea\" data-element_type=\"widget\" data-e-type=\"widget\" data-widget_type=\"text-editor.default\">\n\t\t\t\t\t\t\t\t\t<p data-start=\"2111\" data-end=\"2232\">Com o tempo, este projecto cria um arquivo visual aberto que suporta<\/p><p data-start=\"2309\" data-end=\"2444\">Observa\u00e7\u00e3o ambiental<br data-start=\"2334\" data-end=\"2337\" \/>Programas educativos<br data-start=\"2357\" data-end=\"2360\" \/>Participa\u00e7\u00e3o da comunidade<br data-start=\"2380\" data-end=\"2383\" \/>Investiga\u00e7\u00e3o e documenta\u00e7\u00e3o<br data-start=\"2409\" data-end=\"2412\" \/>Projectos culturais e art\u00edsticos<\/p>\t\t\t\t\t\t\t\t<\/div>\n\t\t\t\t\t<\/div>\n\t\t\t\t<\/div>\n\t\t<div class=\"elementor-element elementor-element-4a23fed e-flex e-con-boxed e-con e-parent\" data-id=\"4a23fed\" data-element_type=\"container\" data-e-type=\"container\">\n\t\t\t\t\t<div class=\"e-con-inner\">\n\t\t\t\t<div class=\"elementor-element elementor-element-01aa22f elementor-widget elementor-widget-text-editor\" data-id=\"01aa22f\" data-element_type=\"widget\" data-e-type=\"widget\" data-widget_type=\"text-editor.default\">\n\t\t\t\t\t\t\t\t\t<h3 data-section-id=\"1su787j\" data-start=\"3208\" data-end=\"3235\">Um projeto colaborativo<\/h3><p data-start=\"3237\" data-end=\"3280\">Iniciado pela F\/SOS<br data-start=\"3255\" data-end=\"3258\" \/>Desenvolvido pela Chronolog<\/p><p data-start=\"3282\" data-end=\"3359\">Desenvolvido com<br data-start=\"3296\" data-end=\"3299\" \/>Munic\u00edpio de Caldas da Rainha e Juntas de Freguesia<\/p><p data-start=\"3361\" data-end=\"3400\">Em parceria com<br data-start=\"3380\" data-end=\"3383\" \/>Associa\u00e7\u00e3o PATO<\/p><p data-start=\"3402\" data-end=\"3456\">Parte do<br data-start=\"3409\" data-end=\"3412\" \/>F\/262 \u2013 Festival Internacional de Fotografia<\/p><p data-start=\"3458\" data-end=\"3493\">\u00a0<\/p>\t\t\t\t\t\t\t\t<\/div>\n\t\t\t\t\t<\/div>\n\t\t\t\t<\/div>\n\t\t<div class=\"elementor-element elementor-element-5430d4e e-flex e-con-boxed e-con e-parent\" data-id=\"5430d4e\" data-element_type=\"container\" data-e-type=\"container\">\n\t\t\t\t\t<div class=\"e-con-inner\">\n\t\t<div class=\"elementor-element elementor-element-27814ce e-con-full e-flex e-con e-child\" data-id=\"27814ce\" data-element_type=\"container\" data-e-type=\"container\">\n\t\t\t\t<div class=\"elementor-element elementor-element-98ba8ce elementor-widget elementor-widget-image\" data-id=\"98ba8ce\" data-element_type=\"widget\" data-e-type=\"widget\" data-widget_type=\"image.default\">\n\t\t\t\t\t\t\t\t\t\t\t\t\t\t\t<img loading=\"lazy\" decoding=\"async\" width=\"224\" height=\"224\" src=\"https:\/\/www.f-sos.org\/wp-content\/uploads\/2026\/05\/images.png\" class=\"attachment-large size-large wp-image-3565\" alt=\"imagens\" srcset=\"https:\/\/www.f-sos.org\/wp-content\/uploads\/2026\/05\/images.png 224w, https:\/\/www.f-sos.org\/wp-content\/uploads\/2026\/05\/images-150x150.png 150w, https:\/\/www.f-sos.org\/wp-content\/uploads\/2026\/05\/images-12x12.png 12w, https:\/\/www.f-sos.org\/wp-content\/uploads\/2026\/05\/images-80x80.png 80w\" sizes=\"(max-width: 224px) 100vw, 224px\" \/>\t\t\t\t\t\t\t\t\t\t\t\t\t\t\t<\/div>\n\t\t\t\t<\/div>\n\t\t<div class=\"elementor-element elementor-element-0462f86 e-con-full e-flex e-con e-child\" data-id=\"0462f86\" data-element_type=\"container\" data-e-type=\"container\">\n\t\t\t\t<div class=\"elementor-element elementor-element-5bb7097 elementor-widget elementor-widget-spacer\" data-id=\"5bb7097\" data-element_type=\"widget\" data-e-type=\"widget\" data-widget_type=\"spacer.default\">\n\t\t\t\t\t\t\t<div class=\"elementor-spacer\">\n\t\t\t<div class=\"elementor-spacer-inner\"><\/div>\n\t\t<\/div>\n\t\t\t\t\t\t<\/div>\n\t\t\t\t<div class=\"elementor-element elementor-element-427b454 elementor-widget elementor-widget-image\" data-id=\"427b454\" data-element_type=\"widget\" data-e-type=\"widget\" data-widget_type=\"image.default\">\n\t\t\t\t\t\t\t\t\t\t\t\t\t\t\t<img loading=\"lazy\" decoding=\"async\" width=\"1024\" height=\"745\" src=\"https:\/\/www.f-sos.org\/wp-content\/uploads\/2026\/05\/2color-1-1024x745.png\" class=\"attachment-large size-large wp-image-3596\" alt=\"2cor 1\" srcset=\"https:\/\/www.f-sos.org\/wp-content\/uploads\/2026\/05\/2color-1-1024x745.png 1024w, https:\/\/www.f-sos.org\/wp-content\/uploads\/2026\/05\/2color-1-300x218.png 300w, https:\/\/www.f-sos.org\/wp-content\/uploads\/2026\/05\/2color-1-768x559.png 768w, https:\/\/www.f-sos.org\/wp-content\/uploads\/2026\/05\/2color-1-1536x1118.png 1536w, https:\/\/www.f-sos.org\/wp-content\/uploads\/2026\/05\/2color-1-16x12.png 16w, https:\/\/www.f-sos.org\/wp-content\/uploads\/2026\/05\/2color-1.png 1823w\" sizes=\"(max-width: 1024px) 100vw, 1024px\" \/>\t\t\t\t\t\t\t\t\t\t\t\t\t\t\t<\/div>\n\t\t\t\t<\/div>\n\t\t\t\t<div class=\"elementor-element elementor-element-a4ebd8d elementor-widget elementor-widget-image\" data-id=\"a4ebd8d\" data-element_type=\"widget\" data-e-type=\"widget\" data-widget_type=\"image.default\">\n\t\t\t\t\t\t\t\t\t\t\t\t\t\t\t<img loading=\"lazy\" decoding=\"async\" width=\"150\" height=\"150\" src=\"https:\/\/www.f-sos.org\/wp-content\/uploads\/2026\/05\/imagem_1-1-150x150.png\" class=\"attachment-thumbnail size-thumbnail wp-image-3567\" alt=\"imagem 1\" srcset=\"https:\/\/www.f-sos.org\/wp-content\/uploads\/2026\/05\/imagem_1-1-150x150.png 150w, https:\/\/www.f-sos.org\/wp-content\/uploads\/2026\/05\/imagem_1-1-11x12.png 11w, https:\/\/www.f-sos.org\/wp-content\/uploads\/2026\/05\/imagem_1-1-80x80.png 80w\" sizes=\"(max-width: 150px) 100vw, 150px\" \/>\t\t\t\t\t\t\t\t\t\t\t\t\t\t\t<\/div>\n\t\t\t\t<div class=\"elementor-element elementor-element-2d846c9 elementor-widget elementor-widget-image\" data-id=\"2d846c9\" data-element_type=\"widget\" data-e-type=\"widget\" data-widget_type=\"image.default\">\n\t\t\t\t\t\t\t\t\t\t\t\t\t\t\t<img loading=\"lazy\" decoding=\"async\" width=\"150\" height=\"150\" src=\"https:\/\/www.f-sos.org\/wp-content\/uploads\/2026\/05\/1669054245imagem_1-150x150.png\" class=\"attachment-thumbnail size-thumbnail wp-image-3571\" alt=\"1669054245imagem 1\" srcset=\"https:\/\/www.f-sos.org\/wp-content\/uploads\/2026\/05\/1669054245imagem_1-150x150.png 150w, https:\/\/www.f-sos.org\/wp-content\/uploads\/2026\/05\/1669054245imagem_1-11x12.png 11w, https:\/\/www.f-sos.org\/wp-content\/uploads\/2026\/05\/1669054245imagem_1-80x80.png 80w\" sizes=\"(max-width: 150px) 100vw, 150px\" \/>\t\t\t\t\t\t\t\t\t\t\t\t\t\t\t<\/div>\n\t\t<div class=\"elementor-element elementor-element-e539694 e-con-full e-flex e-con e-child\" data-id=\"e539694\" data-element_type=\"container\" data-e-type=\"container\">\n\t\t\t\t<\/div>\n\t\t<div class=\"elementor-element elementor-element-1e6cfc1 e-con-full e-flex e-con e-child\" data-id=\"1e6cfc1\" data-element_type=\"container\" data-e-type=\"container\">\n\t\t\t\t<div class=\"elementor-element elementor-element-260ab9d elementor-widget elementor-widget-image\" data-id=\"260ab9d\" data-element_type=\"widget\" data-e-type=\"widget\" data-widget_type=\"image.default\">\n\t\t\t\t\t\t\t\t\t\t\t\t\t\t\t<img loading=\"lazy\" decoding=\"async\" width=\"839\" height=\"1024\" src=\"https:\/\/www.f-sos.org\/wp-content\/uploads\/2026\/05\/1.-logo_pato_vct_fundo_transoarente_centro_branco-839x1024.png\" class=\"attachment-large size-large wp-image-3572\" alt=\"1 logotipo pato vct fundo transoarente centro branco\" srcset=\"https:\/\/www.f-sos.org\/wp-content\/uploads\/2026\/05\/1.-logo_pato_vct_fundo_transoarente_centro_branco-839x1024.png 839w, https:\/\/www.f-sos.org\/wp-content\/uploads\/2026\/05\/1.-logo_pato_vct_fundo_transoarente_centro_branco-246x300.png 246w, https:\/\/www.f-sos.org\/wp-content\/uploads\/2026\/05\/1.-logo_pato_vct_fundo_transoarente_centro_branco-768x938.png 768w, https:\/\/www.f-sos.org\/wp-content\/uploads\/2026\/05\/1.-logo_pato_vct_fundo_transoarente_centro_branco-1258x1536.png 1258w, https:\/\/www.f-sos.org\/wp-content\/uploads\/2026\/05\/1.-logo_pato_vct_fundo_transoarente_centro_branco-10x12.png 10w, https:\/\/www.f-sos.org\/wp-content\/uploads\/2026\/05\/1.-logo_pato_vct_fundo_transoarente_centro_branco.png 1277w\" sizes=\"(max-width: 839px) 100vw, 839px\" \/>\t\t\t\t\t\t\t\t\t\t\t\t\t\t\t<\/div>\n\t\t\t\t<\/div>\n\t\t<div class=\"elementor-element elementor-element-7e7e153 e-con-full e-flex e-con e-child\" data-id=\"7e7e153\" data-element_type=\"container\" data-e-type=\"container\">\n\t\t\t\t<div class=\"elementor-element elementor-element-2ee45d8 elementor-widget elementor-widget-spacer\" data-id=\"2ee45d8\" data-element_type=\"widget\" data-e-type=\"widget\" data-widget_type=\"spacer.default\">\n\t\t\t\t\t\t\t<div class=\"elementor-spacer\">\n\t\t\t<div class=\"elementor-spacer-inner\"><\/div>\n\t\t<\/div>\n\t\t\t\t\t\t<\/div>\n\t\t\t\t<\/div>\n\t\t\t\t\t<\/div>\n\t\t\t\t<\/div>\n\t\t\t\t<\/div>","protected":false},"excerpt":{"rendered":"<p>This project transforms photography into a tool for long-term environmental observation and collective memory. Cuidar das Margens e do Campo is a participatory environmental monitoring project across the landscapes of Caldas da Rainha, connecting community, culture, and science through photography. The first Chronolog network in Portugal. . Landscapes are constantly changing, often in ways that [&hellip;]<\/p>","protected":false},"author":2,"featured_media":0,"parent":0,"menu_order":0,"comment_status":"closed","ping_status":"closed","template":"","meta":{"_acf_changed":false,"give_campaign_id":0,"footnotes":""},"class_list":["post-3559","page","type-page","status-publish","hentry"],"acf":[],"yoast_head":"<!-- This site is optimized with the Yoast SEO plugin v27.5 - https:\/\/yoast.com\/product\/yoast-seo-wordpress\/ -->\n<title>Cuidar das Margens e do Campo - F\/SOS ASSOCIA\u00c7\u00c3O<\/title>\n<meta name=\"robots\" content=\"index, follow, max-snippet:-1, max-image-preview:large, max-video-preview:-1\" \/>\n<link rel=\"canonical\" href=\"https:\/\/www.f-sos.org\/pt\/cuidar-das-margens-e-do-campo\/\" \/>\n<meta property=\"og:locale\" content=\"pt_PT\" \/>\n<meta property=\"og:type\" content=\"article\" \/>\n<meta property=\"og:title\" content=\"Cuidar das Margens e do Campo - F\/SOS ASSOCIA\u00c7\u00c3O\" \/>\n<meta property=\"og:description\" content=\"This project transforms photography into a tool for long-term environmental observation and collective memory. Cuidar das Margens e do Campo is a participatory environmental monitoring project across the landscapes of Caldas da Rainha, connecting community, culture, and science through photography. The first Chronolog network in Portugal. . Landscapes are constantly changing, often in ways that [&hellip;]\" \/>\n<meta property=\"og:url\" content=\"https:\/\/www.f-sos.org\/pt\/cuidar-das-margens-e-do-campo\/\" \/>\n<meta property=\"og:site_name\" content=\"F\/SOS ASSOCIA\u00c7\u00c3O\" \/>\n<meta property=\"article:publisher\" content=\"https:\/\/www.facebook.com\/profile.php?id=61587009245386\" \/>\n<meta property=\"article:modified_time\" content=\"2026-05-02T22:59:58+00:00\" \/>\n<meta property=\"og:image\" content=\"https:\/\/www.f-sos.org\/wp-content\/uploads\/2026\/05\/6c6124e3-0fa1-4a5b-b16e-8940b07f751d.jpg\" \/>\n\t<meta property=\"og:image:width\" content=\"1496\" \/>\n\t<meta property=\"og:image:height\" content=\"978\" \/>\n\t<meta property=\"og:image:type\" content=\"image\/jpeg\" \/>\n<meta name=\"twitter:card\" content=\"summary_large_image\" \/>\n<meta name=\"twitter:label1\" content=\"Tempo estimado de leitura\" \/>\n\t<meta name=\"twitter:data1\" content=\"3 minutes\" \/>\n<script type=\"application\/ld+json\" class=\"yoast-schema-graph\">{\"@context\":\"https:\\\/\\\/schema.org\",\"@graph\":[{\"@type\":\"WebPage\",\"@id\":\"https:\\\/\\\/www.f-sos.org\\\/cuidar-das-margens-e-do-campo\\\/\",\"url\":\"https:\\\/\\\/www.f-sos.org\\\/cuidar-das-margens-e-do-campo\\\/\",\"name\":\"Cuidar das Margens e do Campo - F\\\/SOS ASSOCIA\u00c7\u00c3O\",\"isPartOf\":{\"@id\":\"https:\\\/\\\/www.f-sos.org\\\/#website\"},\"primaryImageOfPage\":{\"@id\":\"https:\\\/\\\/www.f-sos.org\\\/cuidar-das-margens-e-do-campo\\\/#primaryimage\"},\"image\":{\"@id\":\"https:\\\/\\\/www.f-sos.org\\\/cuidar-das-margens-e-do-campo\\\/#primaryimage\"},\"thumbnailUrl\":\"https:\\\/\\\/www.f-sos.org\\\/wp-content\\\/uploads\\\/2026\\\/05\\\/6c6124e3-0fa1-4a5b-b16e-8940b07f751d-1024x669.jpg\",\"datePublished\":\"2026-05-01T19:10:20+00:00\",\"dateModified\":\"2026-05-02T22:59:58+00:00\",\"breadcrumb\":{\"@id\":\"https:\\\/\\\/www.f-sos.org\\\/cuidar-das-margens-e-do-campo\\\/#breadcrumb\"},\"inLanguage\":\"pt-PT\",\"potentialAction\":[{\"@type\":\"ReadAction\",\"target\":[\"https:\\\/\\\/www.f-sos.org\\\/cuidar-das-margens-e-do-campo\\\/\"]}]},{\"@type\":\"ImageObject\",\"inLanguage\":\"pt-PT\",\"@id\":\"https:\\\/\\\/www.f-sos.org\\\/cuidar-das-margens-e-do-campo\\\/#primaryimage\",\"url\":\"https:\\\/\\\/www.f-sos.org\\\/wp-content\\\/uploads\\\/2026\\\/05\\\/6c6124e3-0fa1-4a5b-b16e-8940b07f751d-1024x669.jpg\",\"contentUrl\":\"https:\\\/\\\/www.f-sos.org\\\/wp-content\\\/uploads\\\/2026\\\/05\\\/6c6124e3-0fa1-4a5b-b16e-8940b07f751d-1024x669.jpg\"},{\"@type\":\"BreadcrumbList\",\"@id\":\"https:\\\/\\\/www.f-sos.org\\\/cuidar-das-margens-e-do-campo\\\/#breadcrumb\",\"itemListElement\":[{\"@type\":\"ListItem\",\"position\":1,\"name\":\"Home\",\"item\":\"https:\\\/\\\/www.f-sos.org\\\/\"},{\"@type\":\"ListItem\",\"position\":2,\"name\":\"Cuidar das Margens e do Campo\"}]},{\"@type\":\"WebSite\",\"@id\":\"https:\\\/\\\/www.f-sos.org\\\/#website\",\"url\":\"https:\\\/\\\/www.f-sos.org\\\/\",\"name\":\"Associa\u00e7\u00e3o F\\\/SOS \u2013 Fotografia, Solidariedade e Obras Sociais\",\"description\":\"ASSOCIA\u00c7\u00c3O F\\\/SOS \u2014 FOTOGRAFIA, SOLIDARIEDADE E OBRAS SOCIAIS\",\"publisher\":{\"@id\":\"https:\\\/\\\/www.f-sos.org\\\/#organization\"},\"potentialAction\":[{\"@type\":\"SearchAction\",\"target\":{\"@type\":\"EntryPoint\",\"urlTemplate\":\"https:\\\/\\\/www.f-sos.org\\\/?s={search_term_string}\"},\"query-input\":{\"@type\":\"PropertyValueSpecification\",\"valueRequired\":true,\"valueName\":\"search_term_string\"}}],\"inLanguage\":\"pt-PT\"},{\"@type\":\"Organization\",\"@id\":\"https:\\\/\\\/www.f-sos.org\\\/#organization\",\"name\":\"Associa\u00e7\u00e3o F\\\/SOS \u2013 Fotografia, Solidariedade e Obras Sociais\",\"url\":\"https:\\\/\\\/www.f-sos.org\\\/\",\"logo\":{\"@type\":\"ImageObject\",\"inLanguage\":\"pt-PT\",\"@id\":\"https:\\\/\\\/www.f-sos.org\\\/#\\\/schema\\\/logo\\\/image\\\/\",\"url\":\"https:\\\/\\\/www.f-sos.org\\\/wp-content\\\/uploads\\\/2026\\\/01\\\/associacao-teal-scaled.png\",\"contentUrl\":\"https:\\\/\\\/www.f-sos.org\\\/wp-content\\\/uploads\\\/2026\\\/01\\\/associacao-teal-scaled.png\",\"width\":2560,\"height\":566,\"caption\":\"Associa\u00e7\u00e3o F\\\/SOS \u2013 Fotografia, Solidariedade e Obras Sociais\"},\"image\":{\"@id\":\"https:\\\/\\\/www.f-sos.org\\\/#\\\/schema\\\/logo\\\/image\\\/\"},\"sameAs\":[\"https:\\\/\\\/www.facebook.com\\\/profile.php?id=61587009245386\",\"https:\\\/\\\/www.linkedin.com\\\/company\\\/associacao-f-sos-fotografia-solidariedade-e-obras-sociais\\\/\"]}]}<\/script>\n<!-- \/ Yoast SEO plugin. -->","yoast_head_json":{"title":"Cuidar das Margens e do Campo - F\/SOS ASSOCIA\u00c7\u00c3O","robots":{"index":"index","follow":"follow","max-snippet":"max-snippet:-1","max-image-preview":"max-image-preview:large","max-video-preview":"max-video-preview:-1"},"canonical":"https:\/\/www.f-sos.org\/pt\/cuidar-das-margens-e-do-campo\/","og_locale":"pt_PT","og_type":"article","og_title":"Cuidar das Margens e do Campo - F\/SOS ASSOCIA\u00c7\u00c3O","og_description":"This project transforms photography into a tool for long-term environmental observation and collective memory. Cuidar das Margens e do Campo is a participatory environmental monitoring project across the landscapes of Caldas da Rainha, connecting community, culture, and science through photography. The first Chronolog network in Portugal. . Landscapes are constantly changing, often in ways that [&hellip;]","og_url":"https:\/\/www.f-sos.org\/pt\/cuidar-das-margens-e-do-campo\/","og_site_name":"F\/SOS ASSOCIA\u00c7\u00c3O","article_publisher":"https:\/\/www.facebook.com\/profile.php?id=61587009245386","article_modified_time":"2026-05-02T22:59:58+00:00","og_image":[{"width":1496,"height":978,"url":"https:\/\/www.f-sos.org\/wp-content\/uploads\/2026\/05\/6c6124e3-0fa1-4a5b-b16e-8940b07f751d.jpg","type":"image\/jpeg"}],"twitter_card":"summary_large_image","twitter_misc":{"Tempo estimado de leitura":"3 minutes"},"schema":{"@context":"https:\/\/schema.org","@graph":[{"@type":"WebPage","@id":"https:\/\/www.f-sos.org\/cuidar-das-margens-e-do-campo\/","url":"https:\/\/www.f-sos.org\/cuidar-das-margens-e-do-campo\/","name":"Cuidar das Margens e do Campo - F\/SOS ASSOCIA\u00c7\u00c3O","isPartOf":{"@id":"https:\/\/www.f-sos.org\/#website"},"primaryImageOfPage":{"@id":"https:\/\/www.f-sos.org\/cuidar-das-margens-e-do-campo\/#primaryimage"},"image":{"@id":"https:\/\/www.f-sos.org\/cuidar-das-margens-e-do-campo\/#primaryimage"},"thumbnailUrl":"https:\/\/www.f-sos.org\/wp-content\/uploads\/2026\/05\/6c6124e3-0fa1-4a5b-b16e-8940b07f751d-1024x669.jpg","datePublished":"2026-05-01T19:10:20+00:00","dateModified":"2026-05-02T22:59:58+00:00","breadcrumb":{"@id":"https:\/\/www.f-sos.org\/cuidar-das-margens-e-do-campo\/#breadcrumb"},"inLanguage":"pt-PT","potentialAction":[{"@type":"ReadAction","target":["https:\/\/www.f-sos.org\/cuidar-das-margens-e-do-campo\/"]}]},{"@type":"ImageObject","inLanguage":"pt-PT","@id":"https:\/\/www.f-sos.org\/cuidar-das-margens-e-do-campo\/#primaryimage","url":"https:\/\/www.f-sos.org\/wp-content\/uploads\/2026\/05\/6c6124e3-0fa1-4a5b-b16e-8940b07f751d-1024x669.jpg","contentUrl":"https:\/\/www.f-sos.org\/wp-content\/uploads\/2026\/05\/6c6124e3-0fa1-4a5b-b16e-8940b07f751d-1024x669.jpg"},{"@type":"BreadcrumbList","@id":"https:\/\/www.f-sos.org\/cuidar-das-margens-e-do-campo\/#breadcrumb","itemListElement":[{"@type":"ListItem","position":1,"name":"Home","item":"https:\/\/www.f-sos.org\/"},{"@type":"ListItem","position":2,"name":"Cuidar das Margens e do Campo"}]},{"@type":"WebSite","@id":"https:\/\/www.f-sos.org\/#website","url":"https:\/\/www.f-sos.org\/","name":"Associa\u00e7\u00e3o F\/SOS \u2013 Fotografia, Solidariedade e Obras Sociais","description":"ASSOCIA\u00c7\u00c3O F\/SOS \u2014 FOTOGRAFIA, SOLIDARIEDADE E OBRAS SOCIAIS","publisher":{"@id":"https:\/\/www.f-sos.org\/#organization"},"potentialAction":[{"@type":"SearchAction","target":{"@type":"EntryPoint","urlTemplate":"https:\/\/www.f-sos.org\/?s={search_term_string}"},"query-input":{"@type":"PropertyValueSpecification","valueRequired":true,"valueName":"search_term_string"}}],"inLanguage":"pt-PT"},{"@type":"Organization","@id":"https:\/\/www.f-sos.org\/#organization","name":"Associa\u00e7\u00e3o F\/SOS \u2013 Fotografia, Solidariedade e Obras Sociais","url":"https:\/\/www.f-sos.org\/","logo":{"@type":"ImageObject","inLanguage":"pt-PT","@id":"https:\/\/www.f-sos.org\/#\/schema\/logo\/image\/","url":"https:\/\/www.f-sos.org\/wp-content\/uploads\/2026\/01\/associacao-teal-scaled.png","contentUrl":"https:\/\/www.f-sos.org\/wp-content\/uploads\/2026\/01\/associacao-teal-scaled.png","width":2560,"height":566,"caption":"Associa\u00e7\u00e3o F\/SOS \u2013 Fotografia, Solidariedade e Obras Sociais"},"image":{"@id":"https:\/\/www.f-sos.org\/#\/schema\/logo\/image\/"},"sameAs":["https:\/\/www.facebook.com\/profile.php?id=61587009245386","https:\/\/www.linkedin.com\/company\/associacao-f-sos-fotografia-solidariedade-e-obras-sociais\/"]}]}},"campaignId":"","_links":{"self":[{"href":"https:\/\/www.f-sos.org\/pt\/wp-json\/wp\/v2\/pages\/3559","targetHints":{"allow":["GET"]}}],"collection":[{"href":"https:\/\/www.f-sos.org\/pt\/wp-json\/wp\/v2\/pages"}],"about":[{"href":"https:\/\/www.f-sos.org\/pt\/wp-json\/wp\/v2\/types\/page"}],"author":[{"embeddable":true,"href":"https:\/\/www.f-sos.org\/pt\/wp-json\/wp\/v2\/users\/2"}],"replies":[{"embeddable":true,"href":"https:\/\/www.f-sos.org\/pt\/wp-json\/wp\/v2\/comments?post=3559"}],"version-history":[{"count":42,"href":"https:\/\/www.f-sos.org\/pt\/wp-json\/wp\/v2\/pages\/3559\/revisions"}],"predecessor-version":[{"id":3628,"href":"https:\/\/www.f-sos.org\/pt\/wp-json\/wp\/v2\/pages\/3559\/revisions\/3628"}],"wp:attachment":[{"href":"https:\/\/www.f-sos.org\/pt\/wp-json\/wp\/v2\/media?parent=3559"}],"curies":[{"name":"wp","href":"https:\/\/api.w.org\/{rel}","templated":true}]}}